{"id":978,"date":"2022-10-06T16:32:54","date_gmt":"2022-10-06T15:32:54","guid":{"rendered":"https:\/\/www.pacolara.net\/?page_id=978"},"modified":"2022-10-06T16:32:54","modified_gmt":"2022-10-06T15:32:54","slug":"aprendiendo-a-leer-con-emma-y-sus-amigos","status":"publish","type":"page","link":"https:\/\/www.pacolara.net\/index.php\/aprendiendo-a-leer-con-emma-y-sus-amigos\/","title":{"rendered":"Aprendiendo a leer con Emma y sus amigos"},"content":{"rendered":"\n<p>Los cuadernillos de la serie <strong>Aprendiendo a leer con Emma y sus amigos<\/strong> son un recurso gratuito para que los ni\u00f1os y ni\u00f1as que conocen las <strong>Historias de Emma,<\/strong> practiquen sus primeros pasos en la lectura con el acompa\u00f1amiento de los mayores. Son <strong>gratuitos<\/strong> y est\u00e1n disponibles <strong>en espa\u00f1ol y en ingl\u00e9s<\/strong>.<\/p>\n\n\n\n<p>Est\u00e1n pensados para los peque\u00f1os que aprenden a leer y a escribir siguiendo el <strong>m\u00e9todo Fon\u00e9tico<\/strong> o F\u00f3nico, cuyo primer objetivo es que reconozcan y aprendan los diferentes sonidos de las letras.<\/p>\n\n\n\n<div class=\"wp-block-columns is-layout-flex wp-container-core-columns-is-layout-9d6595d7 wp-block-columns-is-layout-flex\">\n<div class=\"wp-block-column is-layout-flow wp-block-column-is-layout-flow\" style=\"flex-basis:100%\">\n<div class=\"wp-block-columns is-layout-flex wp-container-core-columns-is-layout-9d6595d7 wp-block-columns-is-layout-flex\">\n<div class=\"wp-block-column is-layout-flow wp-block-column-is-layout-flow\" style=\"flex-basis:100%\">\n<figure class=\"wp-block-gallery has-nested-images columns-default is-cropped wp-block-gallery-1 is-layout-flex wp-block-gallery-is-layout-flex\">\n<figure class=\"wp-block-image size-medium\"><img loading=\"lazy\" decoding=\"async\" width=\"792\" height=\"1224\" data-id=\"983\" src=\"https:\/\/www.pacolara.net\/wp-content\/uploads\/2022\/10\/La-gallina-Catalina-Portada.jpg\" alt=\"\" class=\"wp-image-983\" srcset=\"https:\/\/www.pacolara.net\/wp-content\/uploads\/2022\/10\/La-gallina-Catalina-Portada.jpg 792w, https:\/\/www.pacolara.net\/wp-content\/uploads\/2022\/10\/La-gallina-Catalina-Portada-194x300.jpg 194w, https:\/\/www.pacolara.net\/wp-content\/uploads\/2022\/10\/La-gallina-Catalina-Portada-663x1024.jpg 663w, https:\/\/www.pacolara.net\/wp-content\/uploads\/2022\/10\/La-gallina-Catalina-Portada-768x1187.jpg 768w\" sizes=\"auto, (max-width: 792px) 85vw, 792px\" \/><\/figure>\n\n\n\n<figure class=\"wp-block-image size-medium\"><img loading=\"lazy\" decoding=\"async\" width=\"792\" height=\"1224\" data-id=\"982\" src=\"https:\/\/www.pacolara.net\/wp-content\/uploads\/2022\/10\/Katie-the-hen-Portada.jpg\" alt=\"\" class=\"wp-image-982\" srcset=\"https:\/\/www.pacolara.net\/wp-content\/uploads\/2022\/10\/Katie-the-hen-Portada.jpg 792w, https:\/\/www.pacolara.net\/wp-content\/uploads\/2022\/10\/Katie-the-hen-Portada-194x300.jpg 194w, https:\/\/www.pacolara.net\/wp-content\/uploads\/2022\/10\/Katie-the-hen-Portada-663x1024.jpg 663w, https:\/\/www.pacolara.net\/wp-content\/uploads\/2022\/10\/Katie-the-hen-Portada-768x1187.jpg 768w\" sizes=\"auto, (max-width: 792px) 85vw, 792px\" \/><\/figure>\n<\/figure>\n<\/div>\n<\/div>\n<\/div>\n<\/div>\n\n\n\n<p class=\"has-text-align-center\" style=\"line-height:1.5\">Descarga del cuadernillo <strong>La gallina Catalina<\/strong> en <a rel=\"noreferrer noopener\" href=\"https:\/\/books.apple.com\/es\/book\/la-gallina-catalina\/id6443699500\" target=\"_blank\">espa\u00f1ol<\/a> y en <a rel=\"noreferrer noopener\" href=\"https:\/\/books.apple.com\/es\/book\/katie-the-hen\/id6443699706\" target=\"_blank\">ingl\u00e9s<\/a>.<\/p>\n\n\n\n<p><\/p>\n\n\n\n<p><strong>Son libritos muy breves. Con palabras y frases muy sencillas y apoyadas con ilustraciones.<\/strong> Eso ayudar\u00e1 a mantener centrada la atenci\u00f3n de los m\u00e1s peque\u00f1os, que podr\u00e1n poner en pr\u00e1ctica sus progresos dedicando un corto espacio de tiempo a cada sesi\u00f3n de lectura. Aunque tropiecen con dificultades al leer alguna de sus ocho p\u00e1ginas, ser\u00e1 m\u00e1s f\u00e1cil mantener su conexi\u00f3n con la actividad de lectura hasta terminar el libro.<\/p>\n\n\n\n<div class=\"wp-block-columns is-layout-flex wp-container-core-columns-is-layout-9d6595d7 wp-block-columns-is-layout-flex\">\n<div class=\"wp-block-column is-layout-flow wp-block-column-is-layout-flow\" style=\"flex-basis:100%\">\n<figure class=\"wp-block-gallery has-nested-images columns-default is-cropped wp-block-gallery-2 is-layout-flex wp-block-gallery-is-layout-flex\">\n<figure class=\"wp-block-image size-large\"><img loading=\"lazy\" decoding=\"async\" width=\"792\" height=\"1224\" data-id=\"984\" src=\"https:\/\/www.pacolara.net\/wp-content\/uploads\/2022\/10\/Mis-amigos-Portada.jpg\" alt=\"\" class=\"wp-image-984\" srcset=\"https:\/\/www.pacolara.net\/wp-content\/uploads\/2022\/10\/Mis-amigos-Portada.jpg 792w, https:\/\/www.pacolara.net\/wp-content\/uploads\/2022\/10\/Mis-amigos-Portada-194x300.jpg 194w, https:\/\/www.pacolara.net\/wp-content\/uploads\/2022\/10\/Mis-amigos-Portada-663x1024.jpg 663w, https:\/\/www.pacolara.net\/wp-content\/uploads\/2022\/10\/Mis-amigos-Portada-768x1187.jpg 768w\" sizes=\"auto, (max-width: 792px) 85vw, 792px\" \/><\/figure>\n\n\n\n<figure class=\"wp-block-image size-large\"><img loading=\"lazy\" decoding=\"async\" width=\"792\" height=\"1224\" data-id=\"985\" src=\"https:\/\/www.pacolara.net\/wp-content\/uploads\/2022\/10\/My-friends-Portada.jpg\" alt=\"\" class=\"wp-image-985\" srcset=\"https:\/\/www.pacolara.net\/wp-content\/uploads\/2022\/10\/My-friends-Portada.jpg 792w, https:\/\/www.pacolara.net\/wp-content\/uploads\/2022\/10\/My-friends-Portada-194x300.jpg 194w, https:\/\/www.pacolara.net\/wp-content\/uploads\/2022\/10\/My-friends-Portada-663x1024.jpg 663w, https:\/\/www.pacolara.net\/wp-content\/uploads\/2022\/10\/My-friends-Portada-768x1187.jpg 768w\" sizes=\"auto, (max-width: 792px) 85vw, 792px\" \/><\/figure>\n<\/figure>\n<\/div>\n<\/div>\n\n\n\n<p class=\"has-text-align-center\">Descarga del cuadernillo <strong>Mis amigos<\/strong> en <a rel=\"noreferrer noopener\" href=\"https:\/\/books.apple.com\/es\/book\/mis-amigos\/id6443704769\" target=\"_blank\">espa\u00f1ol<\/a> y en <a rel=\"noreferrer noopener\" href=\"https:\/\/books.apple.com\/es\/book\/my-friends\/id6443705467\" target=\"_blank\">ingl\u00e9s<\/a>.<\/p>\n\n\n\n<p><\/p>\n\n\n\n<p>El punto de partida del <strong>m\u00e9todo<\/strong> <strong>Fon\u00e9tico<\/strong> es lograr que aprendan los sonidos simples de las letras, empezando por las vocales, para, a continuaci\u00f3n, combinarlos con los sonidos de otras letras.<\/p>\n\n\n\n<p>Dominadas las vocales, tienen que aprender el sonido de las consonantes. Y avanzar practicando los sonidos de las consonantes junto a las vocales (Ma, me, mi, mo, mu\u2026 La, le, li, lo, lu\u2026).<\/p>\n\n\n\n<figure class=\"wp-block-gallery has-nested-images columns-default is-cropped wp-block-gallery-3 is-layout-flex wp-block-gallery-is-layout-flex\">\n<figure class=\"wp-block-image size-large\"><img loading=\"lazy\" decoding=\"async\" width=\"792\" height=\"1224\" data-id=\"980\" src=\"https:\/\/www.pacolara.net\/wp-content\/uploads\/2022\/10\/El-mundo-de-Emma-Portada.jpg\" alt=\"\" class=\"wp-image-980\" srcset=\"https:\/\/www.pacolara.net\/wp-content\/uploads\/2022\/10\/El-mundo-de-Emma-Portada.jpg 792w, https:\/\/www.pacolara.net\/wp-content\/uploads\/2022\/10\/El-mundo-de-Emma-Portada-194x300.jpg 194w, https:\/\/www.pacolara.net\/wp-content\/uploads\/2022\/10\/El-mundo-de-Emma-Portada-663x1024.jpg 663w, https:\/\/www.pacolara.net\/wp-content\/uploads\/2022\/10\/El-mundo-de-Emma-Portada-768x1187.jpg 768w\" sizes=\"auto, (max-width: 792px) 85vw, 792px\" \/><\/figure>\n\n\n\n<figure class=\"wp-block-image size-large\"><img loading=\"lazy\" decoding=\"async\" width=\"792\" height=\"1224\" data-id=\"981\" src=\"https:\/\/www.pacolara.net\/wp-content\/uploads\/2022\/10\/Emma-world-Portada.jpg\" alt=\"\" class=\"wp-image-981\" srcset=\"https:\/\/www.pacolara.net\/wp-content\/uploads\/2022\/10\/Emma-world-Portada.jpg 792w, https:\/\/www.pacolara.net\/wp-content\/uploads\/2022\/10\/Emma-world-Portada-194x300.jpg 194w, https:\/\/www.pacolara.net\/wp-content\/uploads\/2022\/10\/Emma-world-Portada-663x1024.jpg 663w, https:\/\/www.pacolara.net\/wp-content\/uploads\/2022\/10\/Emma-world-Portada-768x1187.jpg 768w\" sizes=\"auto, (max-width: 792px) 85vw, 792px\" \/><\/figure>\n<\/figure>\n\n\n\n<p class=\"has-text-align-center\">Descarga del cuadernillo <strong>El mundo de Emma<\/strong> en <a rel=\"noreferrer noopener\" href=\"https:\/\/books.apple.com\/es\/book\/el-mundo-de-emma\/id6443705136\" target=\"_blank\">espa\u00f1ol<\/a> y en <a rel=\"noreferrer noopener\" href=\"https:\/\/books.apple.com\/es\/book\/emma-world\/id6443705752\" target=\"_blank\">ingl\u00e9s<\/a>.<\/p>\n\n\n\n<p><\/p>\n\n\n\n<p>A partir de ah\u00ed, hay que empezar a leer palabras completas que los ni\u00f1os puedan visualizar, evitando palabras que representen conceptos abstractos.<\/p>\n\n\n\n<p>Al recorrer esta trayectoria, llega un momento maravilloso en el que los peque\u00f1os, con el acompa\u00f1amiento de los mayores, empezar\u00e1n a leer, a comprender frases y a disfrutar de la lectura&#8230;&nbsp;<\/p>\n\n\n\n<p>Y <strong>Emma y sus amigos quieren ayudar a los m\u00e1s peque\u00f1os a conseguirlo con estos breves y sencillos libritos<\/strong>.<\/p>\n\n\n\n<hr class=\"wp-block-separator has-alpha-channel-opacity\"\/>\n","protected":false},"excerpt":{"rendered":"<p>Los cuadernillos de la serie Aprendiendo a leer con Emma y sus amigos son un recurso gratuito para que los ni\u00f1os y ni\u00f1as que conocen las Historias de Emma, practiquen sus primeros pasos en la lectura con el acompa\u00f1amiento de los mayores. Son gratuitos y est\u00e1n disponibles en espa\u00f1ol y en ingl\u00e9s. Est\u00e1n pensados para &hellip; <a href=\"https:\/\/www.pacolara.net\/index.php\/aprendiendo-a-leer-con-emma-y-sus-amigos\/\" class=\"more-link\">Continuar leyendo<span class=\"screen-reader-text\"> \u00abAprendiendo a leer con Emma y sus amigos\u00bb<\/span><\/a><\/p>\n","protected":false},"author":3,"featured_media":0,"parent":0,"menu_order":0,"comment_status":"closed","ping_status":"closed","template":"","meta":{"footnotes":""},"class_list":["post-978","page","type-page","status-publish","hentry"],"_links":{"self":[{"href":"https:\/\/www.pacolara.net\/index.php\/wp-json\/wp\/v2\/pages\/978","targetHints":{"allow":["GET"]}}],"collection":[{"href":"https:\/\/www.pacolara.net\/index.php\/wp-json\/wp\/v2\/pages"}],"about":[{"href":"https:\/\/www.pacolara.net\/index.php\/wp-json\/wp\/v2\/types\/page"}],"author":[{"embeddable":true,"href":"https:\/\/www.pacolara.net\/index.php\/wp-json\/wp\/v2\/users\/3"}],"replies":[{"embeddable":true,"href":"https:\/\/www.pacolara.net\/index.php\/wp-json\/wp\/v2\/comments?post=978"}],"version-history":[{"count":8,"href":"https:\/\/www.pacolara.net\/index.php\/wp-json\/wp\/v2\/pages\/978\/revisions"}],"predecessor-version":[{"id":998,"href":"https:\/\/www.pacolara.net\/index.php\/wp-json\/wp\/v2\/pages\/978\/revisions\/998"}],"wp:attachment":[{"href":"https:\/\/www.pacolara.net\/index.php\/wp-json\/wp\/v2\/media?parent=978"}],"curies":[{"name":"wp","href":"https:\/\/api.w.org\/{rel}","templated":true}]}}