{"id":884,"date":"2022-03-23T16:44:36","date_gmt":"2022-03-23T15:44:36","guid":{"rendered":"https:\/\/www.pacolara.net\/?page_id=884"},"modified":"2025-05-13T23:42:28","modified_gmt":"2025-05-13T22:42:28","slug":"emma-y-la-gatita-astronauta","status":"publish","type":"page","link":"https:\/\/www.pacolara.net\/index.php\/emma-y-la-gatita-astronauta\/","title":{"rendered":"Emma y la gatita astronauta"},"content":{"rendered":"\n<figure class=\"wp-block-image size-large\"><img loading=\"lazy\" decoding=\"async\" width=\"661\" height=\"1024\" src=\"https:\/\/www.pacolara.net\/wp-content\/uploads\/2022\/03\/Portada-2048-Emma-y-la-gatita-astronauta-Paco-Lara-661x1024.jpg\" alt=\"Portada del libro Emma y la gatita astronauta\" class=\"wp-image-877\" srcset=\"https:\/\/www.pacolara.net\/wp-content\/uploads\/2022\/03\/Portada-2048-Emma-y-la-gatita-astronauta-Paco-Lara-661x1024.jpg 661w, https:\/\/www.pacolara.net\/wp-content\/uploads\/2022\/03\/Portada-2048-Emma-y-la-gatita-astronauta-Paco-Lara-194x300.jpg 194w, https:\/\/www.pacolara.net\/wp-content\/uploads\/2022\/03\/Portada-2048-Emma-y-la-gatita-astronauta-Paco-Lara-768x1190.jpg 768w, https:\/\/www.pacolara.net\/wp-content\/uploads\/2022\/03\/Portada-2048-Emma-y-la-gatita-astronauta-Paco-Lara-992x1536.jpg 992w, https:\/\/www.pacolara.net\/wp-content\/uploads\/2022\/03\/Portada-2048-Emma-y-la-gatita-astronauta-Paco-Lara-1200x1859.jpg 1200w, https:\/\/www.pacolara.net\/wp-content\/uploads\/2022\/03\/Portada-2048-Emma-y-la-gatita-astronauta-Paco-Lara.jpg 1322w\" sizes=\"auto, (max-width: 661px) 85vw, 661px\" \/><figcaption class=\"wp-element-caption\">Portada del libro Emma y la gatita astronauta<\/figcaption><\/figure>\n\n\n\n<p class=\"has-text-align-left\">Descarga el cuento gratuito\u00a0<a href=\"https:\/\/books.apple.com\/es\/book\/emma-y-la-gatita-astronauta\/id1615623838\" target=\"_blank\" rel=\"noreferrer noopener\">aqu\u00ed<\/a>, para iPad, iPhone y Mac. Y esc\u00fachalo en el podcast Historias de Emma en <a href=\"https:\/\/podcasts.apple.com\/es\/podcast\/historias-de-emma\/id1532950699\" target=\"_blank\" rel=\"noreferrer noopener\">Apple Podcasts<\/a> o en <a href=\"https:\/\/open.spotify.com\/show\/1wjpB0HaNbaMZz4XpmLkxK\" target=\"_blank\" rel=\"noreferrer noopener\">Spotify<\/a>. Tambi\u00e9n puedes leer el cuento en <a href=\"https:\/\/books.google.es\/books?id=3rJcEQAAQBAJ&amp;newbks=0&amp;printsec=frontcover\" target=\"_blank\" rel=\"noreferrer noopener\">Google Libros<\/a> y descargarlo gratis en <a href=\"https:\/\/play.google.com\/store\/books\/details?id=3rJcEQAAQBAJ\" target=\"_blank\" rel=\"noreferrer noopener\">Google Play<\/a>.<\/p>\n\n\n\n<p>La ardilla Noli y su amigo Gusi se divert\u00edan esa ma\u00f1ana, jugando en el bosque. \u00ab\u00a1Mira qu\u00e9 r\u00e1pido soy\u2026!\u00bb grit\u00f3 el gusanito, mientras corr\u00eda por entre las patitas de Noli. Y, justo cuando pasaba corriendo por debajo de la barriguita de la ardilla\u2026 \u00a1Booom! Alguien cay\u00f3 junto a ellos y los tres rodaron por el suelo.<\/p>\n\n\n\n<p>Era la peque\u00f1a gatita M\u00eda que hab\u00eda saltado desde la rama de un \u00e1rbol, vestida con su traje de astronauta. Pero su traje, que parec\u00eda un cohete espacial, no funcionaba. Y M\u00eda no consegu\u00eda subir volando hasta el cielo, para empujar una nube.<\/p>\n\n\n\n<p>La gatita les cont\u00f3 que, en el lugar del bosque donde viv\u00eda no llov\u00eda casi nunca. Y como la tierra estaba seca, ya no quedaba hierba ni nada que comer. Por eso quer\u00eda ser astronauta. Para volar y empujar una nube hacia ese lugar del bosque. Y as\u00ed, al llover, el agua de la nube regar\u00eda la tierra y volver\u00edan a nacer ricas hierbas, verduras y frutas para comer.<\/p>\n\n\n\n<p>En esta nueva historia, Emma tiene que ingeni\u00e1rselas para ayudar a M\u00eda a volar hasta las nubes, como una astronauta. Y M\u00eda y sus amigos aprender\u00e1n que no hay que rendirse. Porque intentar cosas nuevas y cometer errores es un superpoder que sirve para aprender y conseguir que, finalmente, tus sue\u00f1os se hagan realidad.<\/p>\n\n\n\n<p>Puedes escuchar este cuento infantil en el podcast Historias de Emma, disponible en Apple Podcasts y en otras plataformas.<\/p>\n\n\n\n<h2 class=\"wp-block-heading\">INDICE<\/h2>\n\n\n\n<ol class=\"wp-block-list\">\n<li>Jugando en el bosque<\/li>\n\n\n\n<li>Nuestro amigo Rufo<\/li>\n\n\n\n<li>En el jard\u00edn de Emma<\/li>\n\n\n\n<li>Una idea genial<\/li>\n\n\n\n<li>La nube de color azul<\/li>\n<\/ol>\n\n\n\n<p>A continuaci\u00f3n se reproducen los tres primeros cap\u00edtulos del cuento.<\/p>\n\n\n\n<h2 class=\"wp-block-heading\">CAP\u00cdTULO 1 \u2022 JUGANDO EN EL BOSQUE<\/h2>\n\n\n\n<p>Era una ma\u00f1ana alegre y soleada. La ardilla Noli y su gran amigo Gusi re\u00edan, corriendo por el bosque. Se divert\u00edan con su juego favorito: Noli saltaba por encima del peque\u00f1o gusanito y, luego, Gusi corr\u00eda por entre las patitas de la ardilla para adelantarla.<\/p>\n\n\n\n<p>\u2014\u00a1Mira qu\u00e9 r\u00e1pido soy\u2026! \u2014grit\u00f3 el gusanito, mientras corr\u00eda por entre las patitas de Noli.<\/p>\n\n\n\n<p>Y, justo cuando pasaba corriendo por debajo de la barriguita de Noli\u2026 \u00a1Booom! Algo cay\u00f3 junto a ellos y los dos amigos rodaron por el suelo.<\/p>\n\n\n\n<p>\u2014\u00a1Uy, uy, uy!\u2026 \u00bfOs he hecho da\u00f1o? \u2014dijo la voz de alguien que estaba tambi\u00e9n en el suelo, a la espalda de Noli.<\/p>\n\n\n\n<p>\u2014\u00a1Anda! \u00bfEres t\u00fa, M\u00eda\u2026? \u00bfQu\u00e9 te ha pasado? \u2014dijo Noli, sorprendida, al ver a la peque\u00f1a gatita de color rosa tumbada patas arriba, junto a Gusi.<\/p>\n\n\n\n<p>M\u00eda llevaba un vestido muy, muy raro. Era un tubo redondo que parec\u00eda un cohete espacial. Por debajo del tubo se ve\u00edan sus patitas. Y, por arriba, asomaba la cabeza de la gatita que llevaba puesto un gorro muuuy extra\u00f1o\u2026<\/p>\n\n\n\n<p>El gusanito Gusi estaba sorprendido. Con los ojos abiertos de par en par, sin poder dejar de mirar a la gatita M\u00eda.<\/p>\n\n\n\n<figure class=\"wp-block-image size-large\"><img loading=\"lazy\" decoding=\"async\" width=\"1024\" height=\"869\" src=\"https:\/\/www.pacolara.net\/wp-content\/uploads\/2022\/03\/EyLGA-1x-1024x869.jpg\" alt=\"\" class=\"wp-image-878\" srcset=\"https:\/\/www.pacolara.net\/wp-content\/uploads\/2022\/03\/EyLGA-1x-1024x869.jpg 1024w, https:\/\/www.pacolara.net\/wp-content\/uploads\/2022\/03\/EyLGA-1x-300x255.jpg 300w, https:\/\/www.pacolara.net\/wp-content\/uploads\/2022\/03\/EyLGA-1x-768x652.jpg 768w, https:\/\/www.pacolara.net\/wp-content\/uploads\/2022\/03\/EyLGA-1x-1536x1304.jpg 1536w, https:\/\/www.pacolara.net\/wp-content\/uploads\/2022\/03\/EyLGA-1x-2048x1738.jpg 2048w, https:\/\/www.pacolara.net\/wp-content\/uploads\/2022\/03\/EyLGA-1x-1200x1018.jpg 1200w\" sizes=\"auto, (max-width: 709px) 85vw, (max-width: 909px) 67vw, (max-width: 1362px) 62vw, 840px\" \/><\/figure>\n\n\n\n<p>\u2014\u00a1S\u00ed, s\u00ed, Gusi! \u00a1Soy yo!\u2026 Es mi vestido de astronauta. Lo he hecho yo\u2026<\/p>\n\n\n\n<p>\u2014\u00bfY qu\u00e9 llevas en la mano? \u2014le pregunt\u00f3 el gusanito, que segu\u00eda sin poder apartar la vista de la gatita.<\/p>\n\n\n\n<p>\u2014\u00a1Es mi casco de astronauta!\u2026 Es muy resistente \u2014respondi\u00f3 M\u00eda, llev\u00e1ndose la mano a la cabeza.<\/p>\n\n\n\n<p>\u2014\u00bfY te has ca\u00eddo cuando estabas volando por el cielo? \u2014le pregunt\u00f3 Noli, curiosa.<\/p>\n\n\n\n<p>\u2014Nooo, nooo\u2026 No estaba volando \u2014dijo la gatita, bajando la cabeza, un poco triste\u2014. Yo quiero ser astronauta, pero a\u00fan no he conseguido volar. Estoy probando mi traje de cohete espacial, pero no funciona. Ahora lo he probado saltando desde esa rama del \u00e1rbol\u2026 \u00a1Y, como no ha funcionado, me he ca\u00eddo al suelo! \u2014lament\u00f3 M\u00eda.<\/p>\n\n\n\n<p>\u2014\u00bfPor qu\u00e9 quieres ser astronauta? \u2014le pregunt\u00f3 Gusi.<\/p>\n\n\n\n<p>\u2014Es que tengo que volar ah\u00ed arriba, para empujar una nube.<\/p>\n\n\n\n<p>\u2014\u00a1Hala! \u00bfY para qu\u00e9 quieres empujar una nube?&nbsp; \u2014exclam\u00f3 Gusi.<\/p>\n\n\n\n<p>\u2014Porque tengo que ayudar a los amigos que viven en mi rinc\u00f3n del bosque. Hace mucho tiempo que no llueve y ya no tenemos casi nada para comer. Y mis amigos los conejos, los patos y las vaquitas tienen hambre \u2014explic\u00f3 M\u00eda, triste.<\/p>\n\n\n\n<p>\u2014\u00bfY en el cielo hay nubes que llevan comida para comer? \u2014se sorprendi\u00f3 Noli.<\/p>\n\n\n\n<p>\u2014\u00a1No, no\u2026! Las nubes que viven en el cielo son de agua \u2014dijo M\u00eda.<\/p>\n\n\n\n<p>\u2014\u00bfEntonces, por qu\u00e9 quieres empujar una nube? \u2014a\u00f1adi\u00f3 Noli.<\/p>\n\n\n\n<p>\u2014En el sitio donde yo vivo casi nunca llueve. Y, como la tierra est\u00e1 muy seca, ya casi no hay hierba, ni frutas para comer. Por eso tengo que empujar una nube\u2026 Para que est\u00e9 encima de mi rinc\u00f3n del bosque. Y, as\u00ed, cuando llueva, el agua que caiga de la nube regar\u00e1 la tierra y volver\u00e1n a nacer muchas hierbas, verduras y frutas para comer.<\/p>\n\n\n\n<p>\u2014\u00a1Qu\u00e9 buena idea, M\u00eda! \u2014dijo Gusi<\/p>\n\n\n\n<p>\u2014Pero no puedo\u2026 \u00a1No consigo volar!\u2026 Y \u00a1hala! ya no lo voy a intentar m\u00e1s \u2014confes\u00f3 la gatita M\u00eda, mientras se empez\u00f3 a quitar su vestido de astronauta.<\/p>\n\n\n\n<p>\u2014\u00a1Nooo! \u2014respondi\u00f3 Noli, mir\u00e1ndola con cari\u00f1o\u2014. \u00a1No te rindas, M\u00eda!\u2026 \u00a1Si lo sigues intentando, lo conseguir\u00e1s!<\/p>\n\n\n\n<figure class=\"wp-block-image size-large\"><img loading=\"lazy\" decoding=\"async\" width=\"1024\" height=\"906\" src=\"https:\/\/www.pacolara.net\/wp-content\/uploads\/2022\/03\/EyLGA-2x-1024x906.jpg\" alt=\"\" class=\"wp-image-879\" srcset=\"https:\/\/www.pacolara.net\/wp-content\/uploads\/2022\/03\/EyLGA-2x-1024x906.jpg 1024w, https:\/\/www.pacolara.net\/wp-content\/uploads\/2022\/03\/EyLGA-2x-300x266.jpg 300w, https:\/\/www.pacolara.net\/wp-content\/uploads\/2022\/03\/EyLGA-2x-768x680.jpg 768w, https:\/\/www.pacolara.net\/wp-content\/uploads\/2022\/03\/EyLGA-2x-1536x1359.jpg 1536w, https:\/\/www.pacolara.net\/wp-content\/uploads\/2022\/03\/EyLGA-2x-2048x1813.jpg 2048w, https:\/\/www.pacolara.net\/wp-content\/uploads\/2022\/03\/EyLGA-2x-1200x1062.jpg 1200w\" sizes=\"auto, (max-width: 709px) 85vw, (max-width: 909px) 67vw, (max-width: 1362px) 62vw, 840px\" \/><\/figure>\n\n\n\n<p>\u2014\u00a1Tus amigos necesitan tu ayuda para que haya comida en el bosque! \u2014a\u00f1adi\u00f3 Gusi.<\/p>\n\n\n\n<p>\u2014\u00bfY qu\u00e9 puedo hacer? \u2014solloz\u00f3 M\u00eda.<\/p>\n\n\n\n<p>\u2014\u00a1Tengo una idea! \u2014salt\u00f3 Noli\u2014. Para que una cosa vuele hay que lanzarla hacia arriba, \u00bfverdad que s\u00ed?\u2026 Entonces\u2026 \u00bfPor qu\u00e9 no le pedimos ayuda a alguien que sea muy fuertote, para que te lance hacia arriba y as\u00ed volar\u00e1s?<\/p>\n\n\n\n<p>\u2014\u00a1S\u00ed!\u2026 \u00a1Qu\u00e9 buena idea! \u2014dijo Gusi\u2014. \u00a1Vamos a ver a Rufo! Es el drag\u00f3n m\u00e1s fuertote de todo el bosque y seguro que te ayudar\u00e1\u2026 \u00a1Vamos, vamos!<\/p>\n\n\n\n<p>Y los tres amigos corrieron hacia el lugar del bosque donde estaba la cueva de Rufo.<\/p>\n\n\n\n<h2 class=\"wp-block-heading\">CAP\u00cdTULO 2 \u2022 NUESTRO AMIGO RUFO<\/h2>\n\n\n\n<p>Al llegar a la cueva donde viv\u00eda el grandote y simp\u00e1tico drag\u00f3n azul, la ardilla Noli se asom\u00f3 a la entrada y grit\u00f3\u2026<\/p>\n\n\n\n<p>&nbsp;&nbsp; \u2014\u00a1Rufo, Rufo!\u2026 \u00bfEst\u00e1s en casa?\u2026 \u00a1Sal, que queremos hablar contigo!<\/p>\n\n\n\n<p>Rufo asom\u00f3 la cabeza con una gran sonrisa. Y se sorprendi\u00f3 al ver el extra\u00f1o traje que llevaba la gatita M\u00eda.<\/p>\n\n\n\n<p>\u2014\u00bfVas a ir a la Luna?\u2026 Pareces un cohete espacial \u2014dijo Rufo.<\/p>\n\n\n\n<p>\u2014Es que es mi traje de astronauta, para volar \u2014respondi\u00f3 M\u00eda\u2014\u2026 \u00a1Pero no funciona!<\/p>\n\n\n\n<p>\u2014Y por eso hemos venido a pedirte ayuda, Rufo \u2014dijo Noli\u2014. Como eres muy fuerte, hemos pensado que podr\u00edas lanzar a M\u00eda hacia el cielo\u2026 \u00a1As\u00ed despegar\u00e1 como un cohete y podr\u00e1 volar!<\/p>\n\n\n\n<p>\u2014\u00bfY c\u00f3mo puedo hacer eso? \u2014pregunt\u00f3 Rufo, abriendo las manos y encogi\u00e9ndose de hombros.<\/p>\n\n\n\n<p>\u2014\u00a1Tengo una idea! \u2014exclam\u00f3 el peque\u00f1o Gusi\u2014. M\u00eda, que va vestida con un traje de cohete espacial, se agachar\u00e1 un poco\u2026 Y t\u00fa das una patada muy, muy, muy fuerte para que el cohete salga volando hacia el cielo.<\/p>\n\n\n\n<p>\u2014Pero yo no quiero hacer da\u00f1o a M\u00eda, d\u00e1ndole una patada\u2026&nbsp; \u2014protest\u00f3 Rufo.<\/p>\n\n\n\n<p>\u2014Muchas gracias Rufo \u2014suspir\u00f3 M\u00eda\u2014, porque una patada tuya en el culete me doler\u00eda mucho.&nbsp;<\/p>\n\n\n\n<p>\u2014\u00a1Ya s\u00e9, ya s\u00e9\u2026! \u2014salt\u00f3 Noli, contenta\u2014. \u00bfPor qu\u00e9 no vamos a casa de Emma? \u00a1Seguro que ella sabe qu\u00e9 podemos hacer para que vueles,&nbsp; M\u00eda!<\/p>\n\n\n\n<p>Y dicho y hecho. M\u00eda, Noli, Gusi y el drag\u00f3n Rufo, emprendieron el camino hacia la casa de Emma.<\/p>\n\n\n\n<h2 class=\"wp-block-heading\">CAP\u00cdTULO 3 \u2022 EN EL JARD\u00cdN DE EMMA<\/h2>\n\n\n\n<p>Emma no estaba en casa. No hab\u00eda vuelto a\u00fan del cole. Y los cuatro amigos se sentaron a esperarla en el jard\u00edn, junto al balanc\u00edn de Emma: un sube y baja que era el juego favorito de Noli.&nbsp;<\/p>\n\n\n\n<p>Cuando jugaba con Emma, la peque\u00f1a ardilla se sentaba en un lado del balanc\u00edn, agarr\u00e1ndose muy fuerte al asidero. Y Emma la hac\u00eda subir y bajar saltando en el aire, arriba y abajo, cada vez que se sentaba y se levantaba en otro lado del balanc\u00edn.<\/p>\n\n\n\n<p>Y, de pronto, Noli se qued\u00f3 mirando al balanc\u00edn, pensativa, y dijo\u2026<\/p>\n\n\n\n<p>\u2014\u00a1Ya s\u00e9 c\u00f3mo puedes volar, M\u00eda! \u2014Y sonriendo a la gatita vestida de cohete y a Rufo, a\u00f1adi\u00f3\u2014. \u00a1Podemos utilizar este balanc\u00edn!\u2026 M\u00eda, t\u00fa te tienes que subir en el asiento de este lado. Y t\u00fa, Rufo, tienes que dar un gran salto y caer encima del asiento del otro lado. Y, como eres muy grande y pesas mucho, M\u00eda saldr\u00e1 volando hacia el cielo\u2026<\/p>\n\n\n\n<p>\u2014\u00a1Qu\u00e9 buena idea! \u2014celebr\u00f3 Gusi\u2014. Con lo fuertote que es Rufo, el balanc\u00edn ser\u00e1 una palanca que te har\u00e1 despegar hacia arriba como un cohete.<\/p>\n\n\n\n<p>\u2014\u00a1S\u00ed, s\u00ed!\u2026 \u00a1Por fin voy a poder volar como una astronauta! \u2014aplaudi\u00f3 M\u00eda, feliz.<\/p>\n\n\n\n<p>Y, dando un salto, la peque\u00f1a gatita se subi\u00f3 a uno de los lados del balanc\u00edn. Se ajust\u00f3 muy bien el traje de cohete espacial y el gorro de astronauta\u2026 \u00a1Lista para despegar!<\/p>\n\n\n\n<figure class=\"wp-block-image size-large\"><img loading=\"lazy\" decoding=\"async\" width=\"1024\" height=\"710\" src=\"https:\/\/www.pacolara.net\/wp-content\/uploads\/2022\/03\/EyLGA-3x-1024x710.jpg\" alt=\"\" class=\"wp-image-880\" srcset=\"https:\/\/www.pacolara.net\/wp-content\/uploads\/2022\/03\/EyLGA-3x-1024x710.jpg 1024w, https:\/\/www.pacolara.net\/wp-content\/uploads\/2022\/03\/EyLGA-3x-300x208.jpg 300w, https:\/\/www.pacolara.net\/wp-content\/uploads\/2022\/03\/EyLGA-3x-768x532.jpg 768w, https:\/\/www.pacolara.net\/wp-content\/uploads\/2022\/03\/EyLGA-3x-1536x1064.jpg 1536w, https:\/\/www.pacolara.net\/wp-content\/uploads\/2022\/03\/EyLGA-3x-2048x1419.jpg 2048w, https:\/\/www.pacolara.net\/wp-content\/uploads\/2022\/03\/EyLGA-3x-1200x831.jpg 1200w\" sizes=\"auto, (max-width: 709px) 85vw, (max-width: 909px) 67vw, (max-width: 1362px) 62vw, 840px\" \/><\/figure>\n\n\n\n<p>\u2014Yo voy a saltar dando un brinco, \u00bfvale, M\u00eda? \u2014dijo Rufo, doblando las piernas para darse impulso\u2014. Y as\u00ed, cuando caiga sobre mi lado del balanc\u00edn, saldr\u00e1s volando con mucha m\u00e1s velocidad.<\/p>\n\n\n\n<p>\u2014\u00bfEst\u00e1is ya preparados? \u2014pregunt\u00f3 Noli. Y, al ver que los dos amigos mov\u00edan la cabeza asintiendo, dijo\u2014: Pues entonces. Preparados\u2026 Listooos\u2026 \u00a1Yaaa!<\/p>\n\n\n\n<p>Dando un brinco, Rufo salt\u00f3 sobre el asiento de su lado del balanc\u00edn\u2026 Y\u2026 \u00a1Zas!\u2026 el balanc\u00edn hizo de palanca y lanz\u00f3 a M\u00eda con fuerza hacia arriba.<\/p>\n\n\n\n<p>Pero \u00a1ay, ay, ay!\u2026 Poco a poco, la gatita empez\u00f3 a perder velocidad\u2026 Hasta que el traje de cohete que llevaba puesto dej\u00f3 de subir, se dio la vuelta y empez\u00f3 a caer hacia abajo\u2026<\/p>\n\n\n\n<p>\u2014\u00a1Uy, uy, uy\u2026! \u00a1M\u00eda ya no sube!\u2026 \u00a1Est\u00e1 cayendo! \u2014salt\u00f3 Gusi.<\/p>\n\n\n\n<p>Y M\u00eda baj\u00f3 y baj\u00f3 hasta que\u2026 \u00a1Chooof!\u2026 La valiente gatita astronauta cay\u00f3 en la copa del \u00e1rbol que hab\u00eda en el jard\u00edn\u2026 Y sigui\u00f3 bajando, hasta que una rama par\u00f3 su ca\u00edda.<\/p>\n\n\n\n<p>\u2014\u00a1Ag\u00e1rrate fuerte a esa rama, M\u00eda! \u2014oyeron que alguien gritaba a lo lejos. Y, al darse la vuelta, Noli, Gusi y Rufo vieron que era Emma, que ven\u00eda corriendo por el camino, de vuelta del cole.<\/p>\n\n\n\n<figure class=\"wp-block-image size-large\"><img loading=\"lazy\" decoding=\"async\" width=\"1003\" height=\"1024\" src=\"https:\/\/www.pacolara.net\/wp-content\/uploads\/2022\/03\/EyLGA-4x-1003x1024.jpg\" alt=\"\" class=\"wp-image-881\" srcset=\"https:\/\/www.pacolara.net\/wp-content\/uploads\/2022\/03\/EyLGA-4x-1003x1024.jpg 1003w, https:\/\/www.pacolara.net\/wp-content\/uploads\/2022\/03\/EyLGA-4x-294x300.jpg 294w, https:\/\/www.pacolara.net\/wp-content\/uploads\/2022\/03\/EyLGA-4x-768x784.jpg 768w, https:\/\/www.pacolara.net\/wp-content\/uploads\/2022\/03\/EyLGA-4x-1505x1536.jpg 1505w, https:\/\/www.pacolara.net\/wp-content\/uploads\/2022\/03\/EyLGA-4x-2007x2048.jpg 2007w, https:\/\/www.pacolara.net\/wp-content\/uploads\/2022\/03\/EyLGA-4x-1200x1225.jpg 1200w\" sizes=\"auto, (max-width: 709px) 85vw, (max-width: 909px) 67vw, (max-width: 1362px) 62vw, 840px\" \/><\/figure>\n\n\n\n<hr class=\"wp-block-separator has-css-opacity\"\/>\n","protected":false},"excerpt":{"rendered":"<p>Descarga el cuento gratuito\u00a0aqu\u00ed, para iPad, iPhone y Mac. Y esc\u00fachalo en el podcast Historias de Emma en Apple Podcasts o en Spotify. Tambi\u00e9n puedes leer el cuento en Google Libros y descargarlo gratis en Google Play. La ardilla Noli y su amigo Gusi se divert\u00edan esa ma\u00f1ana, jugando en el bosque. \u00ab\u00a1Mira qu\u00e9 r\u00e1pido &hellip; <a href=\"https:\/\/www.pacolara.net\/index.php\/emma-y-la-gatita-astronauta\/\" class=\"more-link\">Continuar leyendo<span class=\"screen-reader-text\"> \u00abEmma y la gatita astronauta\u00bb<\/span><\/a><\/p>\n","protected":false},"author":3,"featured_media":0,"parent":0,"menu_order":0,"comment_status":"closed","ping_status":"closed","template":"","meta":{"footnotes":""},"class_list":["post-884","page","type-page","status-publish","hentry"],"_links":{"self":[{"href":"https:\/\/www.pacolara.net\/index.php\/wp-json\/wp\/v2\/pages\/884","targetHints":{"allow":["GET"]}}],"collection":[{"href":"https:\/\/www.pacolara.net\/index.php\/wp-json\/wp\/v2\/pages"}],"about":[{"href":"https:\/\/www.pacolara.net\/index.php\/wp-json\/wp\/v2\/types\/page"}],"author":[{"embeddable":true,"href":"https:\/\/www.pacolara.net\/index.php\/wp-json\/wp\/v2\/users\/3"}],"replies":[{"embeddable":true,"href":"https:\/\/www.pacolara.net\/index.php\/wp-json\/wp\/v2\/comments?post=884"}],"version-history":[{"count":14,"href":"https:\/\/www.pacolara.net\/index.php\/wp-json\/wp\/v2\/pages\/884\/revisions"}],"predecessor-version":[{"id":1882,"href":"https:\/\/www.pacolara.net\/index.php\/wp-json\/wp\/v2\/pages\/884\/revisions\/1882"}],"wp:attachment":[{"href":"https:\/\/www.pacolara.net\/index.php\/wp-json\/wp\/v2\/media?parent=884"}],"curies":[{"name":"wp","href":"https:\/\/api.w.org\/{rel}","templated":true}]}}